{"id":50,"date":"2018-05-03T15:10:04","date_gmt":"2018-05-03T15:10:04","guid":{"rendered":"https:\/\/inteliti.com\/gfsc\/?page_id=50"},"modified":"2025-05-13T13:08:49","modified_gmt":"2025-05-13T13:08:49","slug":"who-we-are","status":"publish","type":"page","link":"https:\/\/globalfacilitators.org\/es\/who-we-are\/","title":{"rendered":"QUIENES SOMOS"},"content":{"rendered":"<div id=\"pl-50\"  class=\"panel-layout\" ><div id=\"pg-50-0\"  class=\"panel-grid panel-no-style\" ><div id=\"pgc-50-0-0\"  class=\"panel-grid-cell\" ><div id=\"panel-50-0-0-0\" class=\"so-panel widget widget_sow-editor panel-first-child panel-last-child\" data-index=\"0\" ><div class=\"panel-widget-style panel-widget-style-for-50-0-0-0\" ><div\n\t\t\t\n\t\t\tclass=\"so-widget-sow-editor so-widget-sow-editor-base\"\n\t\t\t\n\t\t>\n<div class=\"siteorigin-widget-tinymce textwidget\">\n\t<p>Durante a\u00f1os, los facilitadores profesionales han sido llamados para atender necesidades de las comunidades en lugares y situaciones donde \u00e9stas no tienen los recursos econ\u00f3micos para pagar por estos servicios. Global Facilitators Serving Communities (GFSC), un producto de la iniciativa Community Outreach de la Asociaci\u00f3n Internacional de Facilitadores (IAF), comenz\u00f3 como un esfuerzo organizado para responder a estas solicitudes y ampliar la base de profesionales con habilidades \/ t\u00e9cnicas espec\u00edficas para atender necesidades de las comunidades en tiempos de cambio y \/ o crisis.<\/p>\n<\/div>\n<\/div><\/div><\/div><\/div><\/div><div id=\"pg-50-1\"  class=\"panel-grid panel-no-style\" ><div id=\"pgc-50-1-0\"  class=\"panel-grid-cell\" ><div id=\"panel-50-1-0-0\" class=\"so-panel widget widget_sow-editor panel-first-child panel-last-child\" data-index=\"1\" ><div id=\"lft-txt\" class=\"panel-widget-style panel-widget-style-for-50-1-0-0\" ><div\n\t\t\t\n\t\t\tclass=\"so-widget-sow-editor so-widget-sow-editor-base\"\n\t\t\t\n\t\t>\n<div class=\"siteorigin-widget-tinymce textwidget\">\n\t<div class=\"su-expand su-expand-collapsed su-expand-link-style-default\" data-height=\"100\"><div class=\"su-expand-content su-u-trim\" style=\"color:#333333;max-height:100px;overflow:hidden\">En 2002, el ex coordinador de la Iniciativa de Alcance Comunitario de la IAF, Lenny Diamond, junto con Mirja Hansen, Jim Troxel y Francisco Fern\u00e1ndez, reuni\u00f3 a un peque\u00f1o grupo de facilitadores din\u00e1micos e interesados \u200b\u200ben formar GFSC. Desde la constituci\u00f3n de GFSC en 2002, la demanda de nuestro modelo distintivo de facilitaci\u00f3n para la intervenci\u00f3n en desastres y crisis (DCI) ha crecido dram\u00e1ticamente.<\/p>\n<p>Nuestro modelo y filosof\u00eda de entrega \"en cascada\" (capacitamos y asesoramos a facilitadores locales en sus propias comunidades para que luego puedan compartir t\u00e9cnicas y capacitar a otros en sus comunidades), comenz\u00f3 en 1986. Los conceptos clave del modelo GFSC fueron desarrollados por los Dres. Gilbert Brenson-Lazan y Mar\u00eda Mercedes Sarmiento D\u00edaz (1947-2003), quienes se enfocaron en la reconstrucci\u00f3n psicosocial luego de desastres naturales y sociales. Trabajaron en 1986 con las v\u00edctimas de la erupci\u00f3n del volc\u00e1n Arenas y la consiguiente avalancha que sepult\u00f3 a Armero, uno de los pueblos m\u00e1s bellos de Colombia. Veinticinco mil personas perdieron la vida y otras doscientas mil personas se vieron afectadas por las p\u00e9rdidas humanas y financieras. Gilbert y Mechas escribieron varios manuales de autoayuda para adultos, ni\u00f1os y profesionales que ayudaron en los trabajos de recuperaci\u00f3n. A lo largo de los a\u00f1os, estos manuales se han actualizado para reflejar nuevas investigaciones y t\u00e9cnicas efectivas y est\u00e1n disponibles en la Biblioteca en l\u00ednea de GFSC.<\/p>\n<p>Desde la tragedia de Armero, cerca de mil profesionales han sido capacitados y asesorados en estas t\u00e9cnicas en Am\u00e9rica Latina (Argentina, Bolivia, Chile, Colombia, Costa Rica, Ecuador, Honduras, M\u00e9xico, Nicaragua, Per\u00fa y Venezuela), Europa (Espa\u00f1a y Polonia), Australia, Asia (Hong Kong, Malasia, Nepal, Filipinas, Taiw\u00e1n), Canad\u00e1 y EE. UU. GFSC facilit\u00f3 un proceso din\u00e1mico y exitoso de desarrollo de capacidades comunitarias en Nueva Orleans despu\u00e9s de los huracanes Katrina y Rita. Tambi\u00e9n trabajamos con la Oficina de Preparaci\u00f3n para Emergencias de la Alcald\u00eda de Los \u00c1ngeles, capacitando a voluntarios de la comunidad.<br \/>\n<\/div><div class=\"su-expand-link su-expand-link-more\" style=\"text-align:left\"><a href=\"javascript:;\" style=\"color:#f78300;border-color:#f78300\"><i class=\"sui sui-arrow-down\" style=\"\" aria-label=\"\"><\/i><span style=\"border-color:#f78300\">MOSTRAR M\u00c1S<\/span><\/a><\/div><div class=\"su-expand-link su-expand-link-less\" style=\"text-align:left\"><a href=\"javascript:;\" style=\"color:#f78300;border-color:#f78300\"><i class=\"sui sui-arrow-up\" style=\"\" aria-label=\"\"><\/i><span style=\"border-color:#f78300\">MOSTRAR MENOS<\/span><\/a><\/div><\/div>\n<\/div>\n<\/div><\/div><\/div><\/div><div id=\"pgc-50-1-1\"  class=\"panel-grid-cell\" ><div id=\"panel-50-1-1-0\" class=\"so-panel widget widget_sow-editor panel-first-child panel-last-child\" data-index=\"2\" ><div id=\"rgt-txt\" class=\"panel-widget-style panel-widget-style-for-50-1-1-0\" ><div\n\t\t\t\n\t\t\tclass=\"so-widget-sow-editor so-widget-sow-editor-base\"\n\t\t\t\n\t\t>\n<div class=\"siteorigin-widget-tinymce textwidget\">\n\t<div class=\"su-expand su-expand-collapsed su-expand-link-style-default\" data-height=\"100\"><div class=\"su-expand-content su-u-trim\" style=\"color:#333333;max-height:100px;overflow:hidden\">En todo el mundo hay tremendos desaf\u00edos: agitaci\u00f3n econ\u00f3mica, cambios sociales, desastres naturales. Las t\u00e9cnicas de facilitaci\u00f3n son algunas de las herramientas de intervenci\u00f3n m\u00e1s eficaces para gestionar el cambio, superar el dolor y fortalecer la resiliencia y la autosuficiencia de las personas y de comunidades en todas partes.<\/p>\n<p>El \u00e9xito de nuestro apoyo a las comunidades, instituciones y profesionales que brindan ayuda a las v\u00edctimas y otros afectados por alguna tragedia directa o indirectamente, es posible en gran parte, por los cientos de profesionales y otros voluntarios que se han capacitado para trabajar en este \u00e1rea, y de personas que han donado tiempo y dinero para capacitar a cientos de facilitadores y distribuir miles de manuales.<\/p>\n<p>Nuestro proceso y sistema de distribuci\u00f3n se aplican en muchas m\u00e1s situaciones de cambio de las que se definieron originalmente. Estos ayudan a las comunidades a desarrollar la resiliencia y la autosuficiencia necesarias para enfrentar los desaf\u00edos futuros de maneras m\u00e1s positivas y productivas. Idealmente, nuestro objetivo es llegar a las comunidades antes de que ocurra un desastre, en lugar de como reacci\u00f3n a una tragedia. Para abordar las necesidades de las comunidades en todo el mundo, GFSC intenta aprovechar la tecnolog\u00eda existente para comunicarse, orientar y consultar con organizaciones, comunidades y facilitadores, dondequiera que est\u00e9n.<br \/>\n<\/div><div class=\"su-expand-link su-expand-link-more\" style=\"text-align:left\"><a href=\"javascript:;\" style=\"color:#f78300;border-color:#f78300\"><i class=\"sui sui-arrow-down\" style=\"\" aria-label=\"\"><\/i><span style=\"border-color:#f78300\">MOSTRAR M\u00c1S<\/span><\/a><\/div><div class=\"su-expand-link su-expand-link-less\" style=\"text-align:left\"><a href=\"javascript:;\" style=\"color:#f78300;border-color:#f78300\"><i class=\"sui sui-arrow-up\" style=\"\" aria-label=\"\"><\/i><span style=\"border-color:#f78300\">MOSTRAR MENOS<\/span><\/a><\/div><\/div>\n<\/div>\n<\/div><\/div><\/div><\/div><\/div><div id=\"pg-50-2\"  class=\"panel-grid panel-no-style\" ><div id=\"pgc-50-2-0\"  class=\"panel-grid-cell\" ><div id=\"panel-50-2-0-0\" class=\"so-panel widget widget_sow-editor panel-first-child panel-last-child\" data-index=\"3\" ><div id=\"mission-txt\" class=\"panel-widget-style panel-widget-style-for-50-2-0-0\" ><div\n\t\t\t\n\t\t\tclass=\"so-widget-sow-editor so-widget-sow-editor-base\"\n\t\t\t\n\t\t>\n<div class=\"siteorigin-widget-tinymce textwidget\">\n\t<h2 class=\"heading \" style=\"text-align:left !important;\">NUESTRA MISI\u00d3N<\/h2>\n<div class=\"su-expand su-expand-collapsed su-expand-link-style-default\" data-height=\"100\"><div class=\"su-expand-content su-u-trim\" style=\"color:#333333;max-height:100px;overflow:hidden\">Nuestros talleres est\u00e1n dise\u00f1ados para desarrollar la resiliencia y la autosuficiencia de la comunidad y enfatizar en t\u00e9cnicas de facilitaci\u00f3n efectivas y espec\u00edficamente dise\u00f1adas para abordar las necesidades de las personas y comunidades que enfrentan cambios, desaf\u00edos o crisis.<\/p>\n<p>Todos los talleres son adaptados para satisfacer las necesidades del grupo solicitante. Pueden variar en duraci\u00f3n desde 1\/2 d\u00eda hasta 2 d\u00edas completos (o m\u00e1s), seg\u00fan la audiencia y las necesidades de la comunidad. Todos los participantes reciben un manual y documentaci\u00f3n de las actividades del taller. Comun\u00edquese con nosotros para discutir c\u00f3mo trabajar con instituciones u organizaciones locales en su \u00e1rea.<\/p>\n<p>El Taller Fundamental Integral de GFSC se titula \u201cCrisis&gt; Cambio&gt; Elecci\u00f3n - Construyendo Resiliencia Personal y Comunitaria\u201d (anteriormente Intervenci\u00f3n Facilitadora en Desastres y Crisis). Est\u00e1 dirigido a facilitadores, organizaciones y l\u00edderes comunitarios. Los elementos b\u00e1sicos de este taller son: aprender a aprender como comunidad, recordar y comprender las reacciones iniciales ante las crisis, identificar comportamientos y estrategias efectivos e ineficaces, aplicar estilos de liderazgo efectivos, cuidar de s\u00ed mismo\/a al cuidar a otros, ayudar a la comunidad local a planificar c\u00f3mo compartir el modelo (poner \u00e9ste en cascada y compartir t\u00e9cnicas efectivas en toda la comunidad).<br \/>\nGFSC tambi\u00e9n puede ofrecer, previa solicitud, talleres virtuales o seminarios web sobre temas relacionados con el desarrollo de la resiliencia comunitaria y la recuperaci\u00f3n psicosocial despu\u00e9s de desastres y crisis, dise\u00f1ados para satisfacer las necesidades de los participantes \/ comunidades.<br \/>\n<\/div><div class=\"su-expand-link su-expand-link-more\" style=\"text-align:left\"><a href=\"javascript:;\" style=\"color:#f78300;border-color:#f78300\"><i class=\"sui sui-arrow-down\" style=\"\" aria-label=\"\"><\/i><span style=\"border-color:#f78300\">MOSTRAR M\u00c1S<\/span><\/a><\/div><div class=\"su-expand-link su-expand-link-less\" style=\"text-align:left\"><a href=\"javascript:;\" style=\"color:#f78300;border-color:#f78300\"><i class=\"sui sui-arrow-up\" style=\"\" aria-label=\"\"><\/i><span style=\"border-color:#f78300\">MOSTRAR MENOS<\/span><\/a><\/div><\/div>\n<\/div>\n<\/div><\/div><\/div><\/div><div id=\"pgc-50-2-1\"  class=\"panel-grid-cell\" ><div id=\"panel-50-2-1-0\" class=\"so-panel widget widget_sow-editor panel-first-child panel-last-child\" data-index=\"4\" ><div class=\"panel-widget-style panel-widget-style-for-50-2-1-0\" ><div\n\t\t\t\n\t\t\tclass=\"so-widget-sow-editor so-widget-sow-editor-base\"\n\t\t\t\n\t\t>\n<div class=\"siteorigin-widget-tinymce textwidget\">\n\t<h2 class=\"heading \" style=\"text-align:left !important;\">NUESTRA VISI\u00d3N<\/h2>\n<div class=\"su-expand su-expand-collapsed su-expand-link-style-default\" data-height=\"100\"><div class=\"su-expand-content su-u-trim\" style=\"color:#333333;max-height:100px;overflow:hidden\">Vivir en un mundo de comunidades resilientes y colaborativas.<br \/>\nGFSC se dedica a mejorar los recursos y las habilidades locales.<\/p>\n<p>GFSC cree que las personas y las comunidades son capaces de auto-determinarse y que la facilitaci\u00f3n es un catalizador eficaz para construir, reconstruir y mantener comunidades autosuficientes. Al compartir nuestro conocimiento, experiencia y cari\u00f1o, facilitamos que las comunidades, agencias y organizaciones identifiquen y logren sus objetivos.<br \/>\n<\/div><div class=\"su-expand-link su-expand-link-more\" style=\"text-align:left\"><a href=\"javascript:;\" style=\"color:#f78300;border-color:#f78300\"><i class=\"sui sui-arrow-down\" style=\"\" aria-label=\"\"><\/i><span style=\"border-color:#f78300\">MOSTRAR M\u00c1S<\/span><\/a><\/div><div class=\"su-expand-link su-expand-link-less\" style=\"text-align:left\"><a href=\"javascript:;\" style=\"color:#f78300;border-color:#f78300\"><i class=\"sui sui-arrow-up\" style=\"\" aria-label=\"\"><\/i><span style=\"border-color:#f78300\">MOSTRAR MENOS<\/span><\/a><\/div><\/div>\n<\/div>\n<\/div><\/div><\/div><\/div><div id=\"pgc-50-2-2\"  class=\"panel-grid-cell\" ><div id=\"panel-50-2-2-0\" class=\"so-panel widget widget_sow-editor panel-first-child panel-last-child\" data-index=\"5\" ><div class=\"panel-widget-style panel-widget-style-for-50-2-2-0\" ><div\n\t\t\t\n\t\t\tclass=\"so-widget-sow-editor so-widget-sow-editor-base\"\n\t\t\t\n\t\t>\n<div class=\"siteorigin-widget-tinymce textwidget\">\n\t<h2 class=\"heading \" style=\"text-align:left !important;\">NUESTROS PRINCIPIOS RECTORES<\/h2>\n<div class=\"su-expand su-expand-collapsed su-expand-link-style-default\" data-height=\"100\"><div class=\"su-expand-content su-u-trim\" style=\"color:#333333;max-height:100px;overflow:hidden\"><strong>Desarrollar capacidad:<\/strong> aumentar el conocimiento y la competencia individual y comunitaria.<\/p>\n<p><strong>Motivar la participaci\u00f3n:<\/strong> para que cada miembro del grupo aporte su perspectiva \u00fanica.<\/p>\n<p><strong>Mantener la Neutralidad:<\/strong> en todo nuestro trabajo sin agenda pol\u00edtica o religiosa.<\/p>\n<p><strong>Promover la sostenibilidad:<\/strong> compartir estrategias, habilidades y t\u00e9cnicas para afrontar los retos del futuro.<\/p>\n<p><strong>Servir a las comunidades necesitadas:<\/strong> incluso si carecen de recursos suficientes para pagar nuestros servicios.<\/p>\n<p><strong>Ofrecer mentor\u00eda a redes locales:<\/strong> para satisfacer las necesidades de sus propias comunidades.<\/p>\n<p><strong>Fomentar el altruismo:<\/strong> para que los voluntarios desarrollen oportunidades que mejoren la calidad de vida comunitaria.<\/p>\n<p><strong>Cuidarnos a nosotros mismos y a los dem\u00e1s:<\/strong> aceptar, aprender, crecer como individuos y como comunidad.<br \/>\n<\/div><div class=\"su-expand-link su-expand-link-more\" style=\"text-align:left\"><a href=\"javascript:;\" style=\"color:#f78300;border-color:#f78300\"><i class=\"sui sui-arrow-down\" style=\"\" aria-label=\"\"><\/i><span style=\"border-color:#f78300\">MOSTRAR M\u00c1S<\/span><\/a><\/div><div class=\"su-expand-link su-expand-link-less\" style=\"text-align:left\"><a href=\"javascript:;\" style=\"color:#f78300;border-color:#f78300\"><i class=\"sui sui-arrow-up\" style=\"\" aria-label=\"\"><\/i><span style=\"border-color:#f78300\">MOSTRAR MENOS<\/span><\/a><\/div><\/div>\n<\/div>\n<\/div><\/div><\/div><\/div><\/div><div id=\"pg-50-3\"  class=\"panel-grid panel-no-style\" ><div id=\"pgc-50-3-0\"  class=\"panel-grid-cell\" ><div id=\"panel-50-3-0-0\" class=\"so-panel widget widget_sow-editor panel-first-child panel-last-child\" data-index=\"6\" ><div class=\"panel-widget-style panel-widget-style-for-50-3-0-0\" ><div\n\t\t\t\n\t\t\tclass=\"so-widget-sow-editor so-widget-sow-editor-base\"\n\t\t\t\n\t\t>\n<div class=\"siteorigin-widget-tinymce textwidget\">\n\t<h2 class=\"heading \" style=\"text-align:left !important;\">JUNTA DIRECTIVA Y CONSEJO ASESOR<\/h2>\n<p>Estamos agradecidos por los aportes de todos\/as nuestros voluntarios y, en particular, de los actuales y anteriores miembros de la Junta y de nuestro Consejo Asesor, por sus permanentes contribuciones a la constituci\u00f3n y el desarrollo de GFSC.<\/p>\n<\/div>\n<\/div><\/div><\/div><\/div><\/div><div id=\"pg-50-4\"  class=\"panel-grid panel-no-style\" ><div id=\"pgc-50-4-0\"  class=\"panel-grid-cell\" ><div id=\"panel-50-4-0-0\" class=\"so-panel widget widget_sow-editor panel-first-child panel-last-child\" data-index=\"7\" ><div class=\"panel-widget-style panel-widget-style-for-50-4-0-0\" ><div\n\t\t\t\n\t\t\tclass=\"so-widget-sow-editor so-widget-sow-editor-base\"\n\t\t\t\n\t\t>\n<div class=\"siteorigin-widget-tinymce textwidget\">\n\t<p>&nbsp;<\/p>\n<h3>MIEMBROS FUNDADORES<\/h3>\n<\/div>\n<\/div><\/div><\/div><\/div><\/div><div id=\"pg-50-5\"  class=\"panel-grid panel-no-style\" ><div id=\"pgc-50-5-0\"  class=\"panel-grid-cell\" ><div id=\"panel-50-5-0-0\" class=\"so-panel widget widget_sow-editor panel-first-child panel-last-child\" data-index=\"8\" ><div\n\t\t\t\n\t\t\tclass=\"so-widget-sow-editor so-widget-sow-editor-base\"\n\t\t\t\n\t\t>\n<div class=\"siteorigin-widget-tinymce textwidget\">\n\t<ul>\n<li>Melaku Abozen<\/li>\n<li>Gilbert Brenson-Lazan<\/li>\n<li>Karen Brill<\/li>\n<li>BJ Diamond<\/li>\n<li>Lenny Diamond<\/li>\n<\/ul>\n<\/div>\n<\/div><\/div><\/div><div id=\"pgc-50-5-1\"  class=\"panel-grid-cell\" ><div id=\"panel-50-5-1-0\" class=\"so-panel widget widget_sow-editor panel-first-child panel-last-child\" data-index=\"9\" ><div\n\t\t\t\n\t\t\tclass=\"so-widget-sow-editor so-widget-sow-editor-base\"\n\t\t\t\n\t\t>\n<div class=\"siteorigin-widget-tinymce textwidget\">\n\t<ul>\n<li>Francisco Luis Fern\u00e1ndez<\/li>\n<li>Mirja Hansen<\/li>\n<li>Tim Karpoff<\/li>\n<li>Larry Meeker<\/li>\n<li>Maria Bego\u00f1a Rodas Meeker<\/li>\n<\/ul>\n<\/div>\n<\/div><\/div><\/div><div id=\"pgc-50-5-2\"  class=\"panel-grid-cell\" ><div id=\"panel-50-5-2-0\" class=\"so-panel widget widget_sow-editor panel-first-child panel-last-child\" data-index=\"10\" ><div\n\t\t\t\n\t\t\tclass=\"so-widget-sow-editor so-widget-sow-editor-base\"\n\t\t\t\n\t\t>\n<div class=\"siteorigin-widget-tinymce textwidget\">\n\t<ul>\n<li>Ofelia Ruiz<\/li>\n<li>Deborah Starzynski<\/li>\n<li>Jim Troxel<\/li>\n<li>Wayne Vick<\/li>\n<\/ul>\n<\/div>\n<\/div><\/div><\/div><\/div><div id=\"pg-50-6\"  class=\"panel-grid panel-no-style\" ><div id=\"pgc-50-6-0\"  class=\"panel-grid-cell\" ><div id=\"panel-50-6-0-0\" class=\"so-panel widget widget_sow-editor panel-first-child panel-last-child\" data-index=\"11\" ><div class=\"panel-widget-style panel-widget-style-for-50-6-0-0\" ><div\n\t\t\t\n\t\t\tclass=\"so-widget-sow-editor so-widget-sow-editor-base\"\n\t\t\t\n\t\t>\n<div class=\"siteorigin-widget-tinymce textwidget\">\n\t<p>&nbsp;<\/p>\n<h3>JUNTA DIRECTIVA<\/h3>\n<p>Nuestra dedicada Junta aporta una gran experiencia y compromiso para apoyar a los\/las facilitadores que ayudan a sus comunidades a fortalecer su resiliencia y autosuficiencia.<\/p>\n<\/div>\n<\/div><\/div><\/div><\/div><\/div><div id=\"pg-50-7\"  class=\"panel-grid panel-no-style\" ><div id=\"pgc-50-7-0\"  class=\"panel-grid-cell\" ><div id=\"panel-50-7-0-0\" class=\"so-panel widget widget_sow-features panel-first-child panel-last-child\" data-index=\"12\" ><div class=\"panel-widget-style panel-widget-style-for-50-7-0-0\" ><div\n\t\t\t\n\t\t\tclass=\"so-widget-sow-features so-widget-sow-features-default-f52952e739f8-50\"\n\t\t\t\n\t\t><ul\n\tclass=\"sow-features-list\n\t\">\n\n\t\t\t<li\n\t\t\tclass=\"sow-features-feature sow-icon-container-position-top\"\n\t\t\tstyle=\"display: flex; flex-direction: column; width: calc(33.333% - 25px);\"\n\t\t>\n\t\t\t\n\t\t\t\t\t\t<div\t\t\t\tclass=\"sow-icon-container sow-container-none\"\n\t\t\t\tstyle=\"color: #ffffff; \"\n\t\t\t\t\n\t\t\t\t\t\t\t>\n\t\t\t\t\t\t\t\t\t\t<div class=\"sow-icon-image\" style=\"background-image: url(https:\/\/globalfacilitators.org\/wp-content\/uploads\/2018\/05\/xico.jpg); font-size: 200px\"><\/div>\n\t\t\t\t\t\t\t\t\t<\/div>\n\n\t\t\t<div class=\"textwidget\">\n\t\t\t\t\n\t\t\t\t\t\t\t\t\t<h5 class=\"sow-features-feature-title\">\n\t\t\t\t\t\tXimena Combariza  President\t\t\t\t\t<\/h5>\n\t\t\t\t\n\t\t\t\t\t\t\t\t\t<div class=\"sow-features-feature-text\">\n\t\t\t\t\t<p><div class=\"su-expand su-expand-collapsed su-expand-link-style-default\" data-height=\"100\"><div class=\"su-expand-content su-u-trim\" style=\"color:#333333;max-height:100px;overflow:hidden\">Psic\u00f3loga Colombiana, radicada en Bogot\u00e1, con estudios de Especializaci\u00f3n en Psicolog\u00eda Cl\u00ednica, Terapia Sist\u00e9mica Grupal y Familiar y Maestr\u00eda en Recursos Humanos. Ximena cree profundamente en el potencial humano y en el poder transformador de los grupos y le apasiona facilitar espacios colectivos de di\u00e1logo, aprendizaje y co-creaci\u00f3n. Se siente comprometida con el aporte como persona y como profesional al desarrollo individual y social y a la construcci\u00f3n de paz y de un mundo m\u00e1s justo para todos\/as. Es miembro fundadora de la Asociaci\u00f3n Latinoamericana de Facilitadores - ALFA. Desde 2010 es miembro de la Junta de Global Facilitators Serving Communities - GFSC y su Presidenta desde 2015. Gracias a este trabajo, que es muy significativo para ella, ha podido servir a comunidades afectadas por desastres naturales en Colombia y otros pa\u00edses de Am\u00e9rica Latina y contribuir a llevar nuestra ayuda a otros pa\u00edses en diferentes partes del mundo.<br \/>\n<\/div><div class=\"su-expand-link su-expand-link-more\" style=\"text-align:left\"><a href=\";\" style=\"color:#f78300;border-color:#f78300\"><i class=\"sui sui-arrow-down\" aria-label=\"\"><\/i><span style=\"border-color:#f78300\">MOSTRAR M\u00c1S<\/span><\/a><\/div><div class=\"su-expand-link su-expand-link-less\" style=\"text-align:left\"><a href=\";\" style=\"color:#f78300;border-color:#f78300\"><i class=\"sui sui-arrow-up\" aria-label=\"\"><\/i><span style=\"border-color:#f78300\">MOSTRAR MENOS<\/span><\/a><\/div><\/div><br \/>\n<\/p>\t\t\t\t\t<\/div>\n\t\t\t\t\t\t\t\t<\/div>\n\t\t\t\t\t\t\t\t<\/li>\n\n\t\t\t<li\n\t\t\tclass=\"sow-features-feature sow-icon-container-position-top\"\n\t\t\tstyle=\"display: flex; flex-direction: column; width: calc(33.333% - 25px);\"\n\t\t>\n\t\t\t\n\t\t\t\t\t\t<div\t\t\t\tclass=\"sow-icon-container sow-container-none\"\n\t\t\t\tstyle=\"color: #ffffff; \"\n\t\t\t\t\n\t\t\t\t\t\t\t>\n\t\t\t\t\t\t\t\t\t\t<div class=\"sow-icon-image\" style=\"background-image: url(https:\/\/globalfacilitators.org\/wp-content\/uploads\/2018\/09\/unnamed.jpg); font-size: 200px\"><\/div>\n\t\t\t\t\t\t\t\t\t<\/div>\n\n\t\t\t<div class=\"textwidget\">\n\t\t\t\t\n\t\t\t\t\t\t\t\t\t<h5 class=\"sow-features-feature-title\">\n\t\t\t\t\t\tMark Pixley Vice-President\t\t\t\t\t<\/h5>\n\t\t\t\t\n\t\t\t\t\t\t\t\t\t<div class=\"sow-features-feature-text\">\n\t\t\t\t\t<div class=\"su-expand su-expand-collapsed su-expand-link-style-default\" data-height=\"100\"><div class=\"su-expand-content su-u-trim\" style=\"color:#333333;max-height:100px;overflow:hidden\">Radicado en Asia desde hace m\u00e1s de 20 a\u00f1os, Mark es un facilitador \/ consultor en China, dedicado a ayudar a sus clientes a resolver desaf\u00edos organizacionales y de liderazgo. Es Director Gerente de LEADERSHIP INC, una consultora pionera en China que se enfoca en \"Facilitar el Cambio Organizacional en la Gran China\". Mark trabaja con los altos directivos para dise\u00f1ar y facilitar procesos de cambio de su organizaci\u00f3n. Sus clientes incluyen corporaciones multinacionales y chinas y algunas ONG locales. Tiene un MBA de la Universidad de Nueva York y ha estudiado chino mandar\u00edn. Mark est\u00e1 muy involucrado en el desarrollo de oportunidades para compartir el modelo GFSC en Asia y expandir la red de facilitadores capacitados en GFSC en esta parte del mundo.\n<\/div><div class=\"su-expand-link su-expand-link-more\" style=\"text-align:left\"><a href=\";\" style=\"color:#f78300;border-color:#f78300\"><i class=\"sui sui-arrow-down\" aria-label=\"\"><\/i><span style=\"border-color:#f78300\">MOSTRAR M\u00c1S<\/span><\/a><\/div><div class=\"su-expand-link su-expand-link-less\" style=\"text-align:left\"><a href=\";\" style=\"color:#f78300;border-color:#f78300\"><i class=\"sui sui-arrow-up\" aria-label=\"\"><\/i><span style=\"border-color:#f78300\">MOSTRAR MENOS<\/span><\/a><\/div><\/div>\t\t\t\t\t<\/div>\n\t\t\t\t\t\t\t\t<\/div>\n\t\t\t\t\t\t\t\t<\/li>\n\n\t\t\t<li\n\t\t\tclass=\"sow-features-feature sow-icon-container-position-top\"\n\t\t\tstyle=\"display: flex; flex-direction: column; width: calc(33.333% - 25px);\"\n\t\t>\n\t\t\t\n\t\t\t\t\t\t<div\t\t\t\tclass=\"sow-icon-container sow-container-none\"\n\t\t\t\tstyle=\"color: #ffffff; \"\n\t\t\t\t\n\t\t\t\t\t\t\t>\n\t\t\t\t\t\t\t\t\t\t<div class=\"sow-icon-image\" style=\"background-image: url(https:\/\/globalfacilitators.org\/wp-content\/uploads\/2018\/06\/Karpoff-head-shot-2018.jpg); font-size: 200px\"><\/div>\n\t\t\t\t\t\t\t\t\t<\/div>\n\n\t\t\t<div class=\"textwidget\">\n\t\t\t\t\n\t\t\t\t\t\t\t\t\t<h5 class=\"sow-features-feature-title\">\n\t\t\t\t\t\tTim Karpoff Secretary | Treasurer\t\t\t\t\t<\/h5>\n\t\t\t\t\n\t\t\t\t\t\t\t\t\t<div class=\"sow-features-feature-text\">\n\t\t\t\t\t<div class=\"su-expand su-expand-collapsed su-expand-link-style-default\" data-height=\"100\"><div class=\"su-expand-content su-u-trim\" style=\"color:#333333;max-height:100px;overflow:hidden\">Tim tiene m\u00e1s de 30 a\u00f1os de experiencia en desarrollo comunitario y organizacional, planificaci\u00f3n estrat\u00e9gica y colaboraci\u00f3n multisectorial. Tim trabaj\u00f3 durante 16 a\u00f1os como Director Regional y Vicepresidente del Instituto de Asuntos Culturales (ICA) en los EE. UU. y el sudeste asi\u00e1tico, organizando programas comunitarios y facilitando procesos de planificaci\u00f3n estrat\u00e9gica y creaci\u00f3n de equipos con empresas y agencias gubernamentales. Radicado en Albuquerque, Nuevo M\u00e9xico, Tim dise\u00f1a m\u00e9todos que aportan calidad y profundidad a los procesos de planificaci\u00f3n p\u00fablica y organizativa.\n<\/div><div class=\"su-expand-link su-expand-link-more\" style=\"text-align:left\"><a href=\";\" style=\"color:#f78300;border-color:#f78300\"><i class=\"sui sui-arrow-down\" aria-label=\"\"><\/i><span style=\"border-color:#f78300\">MOSTRAR M\u00c1S<\/span><\/a><\/div><div class=\"su-expand-link su-expand-link-less\" style=\"text-align:left\"><a href=\";\" style=\"color:#f78300;border-color:#f78300\"><i class=\"sui sui-arrow-up\" aria-label=\"\"><\/i><span style=\"border-color:#f78300\">MOSTRAR MENOS<\/span><\/a><\/div><\/div>\t\t\t\t\t<\/div>\n\t\t\t\t\t\t\t\t<\/div>\n\t\t\t\t\t\t\t\t<\/li>\n\n\t<\/ul>\n<\/div><\/div><\/div><\/div><\/div><div id=\"pg-50-8\"  class=\"panel-grid panel-no-style\" ><div id=\"pgc-50-8-0\"  class=\"panel-grid-cell\" ><div id=\"panel-50-8-0-0\" class=\"so-panel widget widget_sow-editor panel-first-child panel-last-child\" data-index=\"13\" ><div class=\"panel-widget-style panel-widget-style-for-50-8-0-0\" ><div\n\t\t\t\n\t\t\tclass=\"so-widget-sow-editor so-widget-sow-editor-base\"\n\t\t\t\n\t\t>\n<div class=\"siteorigin-widget-tinymce textwidget\">\n\t<p>&nbsp;<\/p>\n<h3>CONSEJO ASESOR DE GFSC<\/h3>\n<p>El Consejo Asesor de GFSC ayuda a nuestra organizaci\u00f3n a aumentar su eficacia y visibilidad. Agradecemos las sugerencias, el apoyo, la experiencia y la influencia que nos ofrecen los miembros del Consejo.<\/p>\n<\/div>\n<\/div><\/div><\/div><\/div><\/div><div id=\"pg-50-9\"  class=\"panel-grid panel-no-style\" ><div id=\"pgc-50-9-0\"  class=\"panel-grid-cell\" ><div id=\"panel-50-9-0-0\" class=\"so-panel widget widget_sow-editor panel-first-child panel-last-child\" data-index=\"14\" ><div\n\t\t\t\n\t\t\tclass=\"so-widget-sow-editor so-widget-sow-editor-base\"\n\t\t\t\n\t\t>\n<div class=\"siteorigin-widget-tinymce textwidget\">\n\t<ul>\n<li>Gary Austin<\/li>\n<li>Gilbert Brenson-Lazan<\/li>\n<li>BJ Diamond<\/li>\n<\/ul>\n<\/div>\n<\/div><\/div><\/div><div id=\"pgc-50-9-1\"  class=\"panel-grid-cell\" ><div id=\"panel-50-9-1-0\" class=\"so-panel widget widget_sow-editor panel-first-child panel-last-child\" data-index=\"15\" ><div\n\t\t\t\n\t\t\tclass=\"so-widget-sow-editor so-widget-sow-editor-base\"\n\t\t\t\n\t\t>\n<div class=\"siteorigin-widget-tinymce textwidget\">\n\t<ul>\n<li>Lenny Diamond<\/li>\n<li>Francisco Luis Fern\u00e1ndez<\/li>\n<li>Izzy Gesell<\/li>\n<\/ul>\n<\/div>\n<\/div><\/div><\/div><div id=\"pgc-50-9-2\"  class=\"panel-grid-cell\" ><div id=\"panel-50-9-2-0\" class=\"so-panel widget widget_sow-editor panel-first-child panel-last-child\" data-index=\"16\" ><div\n\t\t\t\n\t\t\tclass=\"so-widget-sow-editor so-widget-sow-editor-base\"\n\t\t\t\n\t\t>\n<div class=\"siteorigin-widget-tinymce textwidget\">\n\t<ul>\n<li>Mirja Hanson<\/li>\n<li>Viv McWaters<\/li>\n<li>Parcia Sansary G.<\/li>\n<\/ul>\n<\/div>\n<\/div><\/div><\/div><div id=\"pgc-50-9-3\"  class=\"panel-grid-cell\" ><div id=\"panel-50-9-3-0\" class=\"so-panel widget widget_sow-editor panel-first-child panel-last-child\" data-index=\"17\" ><div\n\t\t\t\n\t\t\tclass=\"so-widget-sow-editor so-widget-sow-editor-base\"\n\t\t\t\n\t\t>\n<div class=\"siteorigin-widget-tinymce textwidget\">\n\t<ul>\n<li>Marieann Shovlin<\/li>\n<li>Sybil Stershic<\/li>\n<li>Jim Troxel<\/li>\n<\/ul>\n<\/div>\n<\/div><\/div><\/div><\/div><div id=\"pg-50-10\"  class=\"panel-grid panel-no-style\" ><div id=\"pgc-50-10-0\"  class=\"panel-grid-cell\" ><div id=\"panel-50-10-0-0\" class=\"so-panel widget widget_sow-editor panel-first-child\" data-index=\"18\" ><div class=\"panel-widget-style panel-widget-style-for-50-10-0-0\" ><div\n\t\t\t\n\t\t\tclass=\"so-widget-sow-editor so-widget-sow-editor-base\"\n\t\t\t\n\t\t>\n<div class=\"siteorigin-widget-tinymce textwidget\">\n\t<p>&nbsp;<\/p>\n<h3>ORGANIZACIONES ALIADAS Y AMIGAS<\/h3>\n<\/div>\n<\/div><\/div><\/div><div id=\"panel-50-10-0-1\" class=\"so-panel widget widget_sow-editor panel-last-child\" data-index=\"19\" ><div class=\"panel-widget-style panel-widget-style-for-50-10-0-1\" ><div\n\t\t\t\n\t\t\tclass=\"so-widget-sow-editor so-widget-sow-editor-base\"\n\t\t\t\n\t\t>\n<div class=\"siteorigin-widget-tinymce textwidget\">\n\t<p>&nbsp;<\/p>\n<h3>Aliados<\/h3>\n<\/div>\n<\/div><\/div><\/div><\/div><\/div><div id=\"pg-50-11\"  class=\"panel-grid panel-no-style\" ><div id=\"pgc-50-11-0\"  class=\"panel-grid-cell\" ><div id=\"panel-50-11-0-0\" class=\"so-panel widget widget_sow-features panel-first-child panel-last-child\" data-index=\"20\" ><div id=\"so-features-allies\" class=\"panel-widget-style panel-widget-style-for-50-11-0-0\" ><div\n\t\t\t\n\t\t\tclass=\"so-widget-sow-features so-widget-sow-features-default-3b41b19c6cf9-50\"\n\t\t\t\n\t\t><ul\n\tclass=\"sow-features-list\n\tsow-features-responsive\">\n\n\t\t\t<li\n\t\t\tclass=\"sow-features-feature sow-icon-container-position-top\"\n\t\t\tstyle=\"display: flex; flex-direction: column; width: calc(33.333% - 25px);\"\n\t\t>\n\t\t\t\n\t\t\t\t\t\t<a\t\t\t\tclass=\"sow-icon-container sow-container-none\"\n\t\t\t\tstyle=\"color: #ffffff; \"\n\t\t\t\t\n\t\t\t\t\t\t\t\t\thref=\"https:\/\/www.iaf-world.org\"\n\t\t\t\t\ttarget=\"_blank\" rel=\"noopener noreferrer\"\t\t\t>\n\t\t\t\t\t\t\t\t\t\t<div class=\"sow-icon-image\" style=\"background-image: url(https:\/\/globalfacilitators.org\/wp-content\/uploads\/2018\/06\/international-assiciation-of-facilitators-iaf-1.png); font-size: 40px\"><\/div>\n\t\t\t\t\t\t\t\t\t<\/a>\n\n\t\t\t<div class=\"textwidget\">\n\t\t\t\t\n\t\t\t\t\n\t\t\t\t\t\t\t<\/div>\n\t\t\t\t\t\t\t\t<\/li>\n\n\t\t\t<li\n\t\t\tclass=\"sow-features-feature sow-icon-container-position-top\"\n\t\t\tstyle=\"display: flex; flex-direction: column; width: calc(33.333% - 25px);\"\n\t\t>\n\t\t\t\n\t\t\t\t\t\t<a\t\t\t\tclass=\"sow-icon-container sow-container-none\"\n\t\t\t\tstyle=\"color: #ffffff; \"\n\t\t\t\t\n\t\t\t\t\t\t\t\t\thref=\"https:\/\/gfscchile.cl\"\n\t\t\t\t\ttarget=\"_blank\" rel=\"noopener noreferrer\"\t\t\t>\n\t\t\t\t\t\t\t\t\t\t<div class=\"sow-icon-image\" style=\"background-image: url(https:\/\/globalfacilitators.org\/wp-content\/uploads\/2018\/06\/gfscchile-1.png); font-size: 40px\"><\/div>\n\t\t\t\t\t\t\t\t\t<\/a>\n\n\t\t\t<div class=\"textwidget\">\n\t\t\t\t\n\t\t\t\t\n\t\t\t\t\t\t\t<\/div>\n\t\t\t\t\t\t\t\t<\/li>\n\n\t\t\t<li\n\t\t\tclass=\"sow-features-feature sow-icon-container-position-top\"\n\t\t\tstyle=\"display: flex; flex-direction: column; width: calc(33.333% - 25px);\"\n\t\t>\n\t\t\t\n\t\t\t\t\t\t<a\t\t\t\tclass=\"sow-icon-container sow-container-none\"\n\t\t\t\tstyle=\"color: #ffffff; \"\n\t\t\t\t\n\t\t\t\t\t\t\t\t\thref=\"https:\/\/www.facilitadores-alfa.org\/\"\n\t\t\t\t\ttarget=\"_blank\" rel=\"noopener noreferrer\"\t\t\t>\n\t\t\t\t\t\t\t\t\t\t<div class=\"sow-icon-image\" style=\"background-image: url(https:\/\/globalfacilitators.org\/wp-content\/uploads\/2021\/02\/Logo-asociacion-latinoamericana-de-facilitadores.png); font-size: 40px\"><\/div>\n\t\t\t\t\t\t\t\t\t<\/a>\n\n\t\t\t<div class=\"textwidget\">\n\t\t\t\t\n\t\t\t\t\n\t\t\t\t\t\t\t<\/div>\n\t\t\t\t\t\t\t\t<\/li>\n\n\t<\/ul>\n<\/div><\/div><\/div><\/div><\/div><div id=\"pg-50-12\"  class=\"panel-grid panel-no-style\" ><div id=\"pgc-50-12-0\"  class=\"panel-grid-cell\" ><div id=\"panel-50-12-0-0\" class=\"so-panel widget widget_sow-editor panel-first-child panel-last-child\" data-index=\"21\" ><div class=\"panel-widget-style panel-widget-style-for-50-12-0-0\" ><div\n\t\t\t\n\t\t\tclass=\"so-widget-sow-editor so-widget-sow-editor-base\"\n\t\t\t\n\t\t>\n<div class=\"siteorigin-widget-tinymce textwidget\">\n\t<p>&nbsp;<\/p>\n<h3>Organizaciones Amigas<\/h3>\n<\/div>\n<\/div><\/div><\/div><\/div><\/div><div id=\"pg-50-13\"  class=\"panel-grid panel-no-style\" ><div id=\"pgc-50-13-0\"  class=\"panel-grid-cell\" ><div id=\"panel-50-13-0-0\" class=\"so-panel widget widget_sow-editor panel-first-child panel-last-child\" data-index=\"22\" ><div class=\"panel-widget-style panel-widget-style-for-50-13-0-0\" ><div\n\t\t\t\n\t\t\tclass=\"so-widget-sow-editor so-widget-sow-editor-base\"\n\t\t\t\n\t\t>\n<div class=\"siteorigin-widget-tinymce textwidget\">\n\t<ul>\n<li><a href=\"http:\/\/strategicfacilitation.com\/\" target=\"_blank\" rel=\"noopener noreferrer\">Center for Strategic Facilitation<\/a><\/li>\n<li><a href=\"http:\/\/www.circleindigo.com\/\" target=\"_blank\" rel=\"noopener noreferrer\">Circle Indigo<\/a><\/li>\n<li><a href=\"http:\/\/www.communityatwork.com\/\" target=\"_blank\" rel=\"noopener noreferrer\">Community at Work<\/a><\/li>\n<\/ul>\n<\/div>\n<\/div><\/div><\/div><\/div><div id=\"pgc-50-13-1\"  class=\"panel-grid-cell\" ><div id=\"panel-50-13-1-0\" class=\"so-panel widget widget_sow-editor panel-first-child panel-last-child\" data-index=\"23\" ><div class=\"panel-widget-style panel-widget-style-for-50-13-1-0\" ><div\n\t\t\t\n\t\t\tclass=\"so-widget-sow-editor so-widget-sow-editor-base\"\n\t\t\t\n\t\t>\n<div class=\"siteorigin-widget-tinymce textwidget\">\n\t<ul>\n<li><a target=\"_blank\" href=\"http:\/\/www.creativefacilitation.com\/\" rel=\"noopener noreferrer\">Creative Facilitation<\/a><\/li>\n<li><a target=\"_blank\" href=\"https:\/\/facilitatoru.com\/\" rel=\"noopener noreferrer\">Facilitator U<\/a><\/li>\n<li><a target=\"_blank\" href=\"https:\/\/www.iaf-world.org\/site\/\" rel=\"noopener noreferrer\">International Association of Facilitators<\/a><\/li>\n<li><a target=\"_blank\" href=\"https:\/\/izzyg.com\/\" rel=\"noopener noreferrer\">IzzyG and Company<\/a><\/li>\n<\/ul>\n<\/div>\n<\/div><\/div><\/div><\/div><div id=\"pgc-50-13-2\"  class=\"panel-grid-cell\" ><div id=\"panel-50-13-2-0\" class=\"so-panel widget widget_sow-editor panel-first-child panel-last-child\" data-index=\"24\" ><div class=\"panel-widget-style panel-widget-style-for-50-13-2-0\" ><div\n\t\t\t\n\t\t\tclass=\"so-widget-sow-editor so-widget-sow-editor-base\"\n\t\t\t\n\t\t>\n<div class=\"siteorigin-widget-tinymce textwidget\">\n\t<ul>\n<li><a target=\"_blank\" href=\"https:\/\/leadershipinc.com\/\" rel=\"noopener noreferrer\">Leadership Inc.<\/a><\/li>\n<li><a target=\"_blank\" href=\"https:\/\/www.consultmillennia.com\/\" rel=\"noopener noreferrer\">Millennia Consulting<\/a><\/li>\n<li><a target=\"_blank\" href=\"http:\/\/ncdd.org\/\" rel=\"noopener noreferrer\">National Coalition for Dialogue &amp; Deliberation<\/a><\/li>\n<li><a target=\"_blank\" href=\"http:\/\/www.qualityservicemarketing.com\/\" rel=\"noopener noreferrer\">Quality Service Marketing<\/a><\/li>\n<\/ul>\n<\/div>\n<\/div><\/div><\/div><\/div><div id=\"pgc-50-13-3\"  class=\"panel-grid-cell\" ><div id=\"panel-50-13-3-0\" class=\"so-panel widget widget_sow-editor panel-first-child panel-last-child\" data-index=\"25\" ><div class=\"panel-widget-style panel-widget-style-for-50-13-3-0\" ><div\n\t\t\t\n\t\t\tclass=\"so-widget-sow-editor so-widget-sow-editor-base\"\n\t\t\t\n\t\t>\n<div class=\"siteorigin-widget-tinymce textwidget\">\n\t<ul>\n<li><a href=\"http:\/\/www.zenergyglobal.com\/\" target=\"_blank\" rel=\"noopener noreferrer\">Zenergy<\/a><\/li>\n<\/ul>\n<\/div>\n<\/div><\/div><\/div><\/div><\/div><div id=\"pg-50-14\"  class=\"panel-grid panel-no-style\" ><div id=\"pgc-50-14-0\"  class=\"panel-grid-cell\" ><div id=\"panel-50-14-0-0\" class=\"so-panel widget widget_sow-image panel-first-child panel-last-child\" data-index=\"26\" ><div class=\"panel-widget-style panel-widget-style-for-50-14-0-0\" ><div\n\t\t\t\n\t\t\tclass=\"so-widget-sow-image so-widget-sow-image-default-113ccd71f3e6-50\"\n\t\t\t\n\t\t>\n<div class=\"sow-image-container\">\n\t\t<img \n\tsrc=\"https:\/\/globalfacilitators.org\/wp-content\/uploads\/2018\/06\/logo-gfsc-alc4bn-300x101.png\" width=\"300\" height=\"101\" srcset=\"https:\/\/globalfacilitators.org\/wp-content\/uploads\/2018\/06\/logo-gfsc-alc4bn-300x101.png 300w, https:\/\/globalfacilitators.org\/wp-content\/uploads\/2018\/06\/logo-gfsc-alc4bn-768x259.png 768w, https:\/\/globalfacilitators.org\/wp-content\/uploads\/2018\/06\/logo-gfsc-alc4bn.png 866w\" sizes=\"(max-width: 300px) 100vw, 300px\" title=\"Logo featuring stylized initials and the text &#8216;CREATORS SERVING&#8217;.\" alt=\"Logo featuring stylized initials and the text &#039;CREATORS SERVING&#039;.\" \t\tclass=\"so-widget-image\"\/>\n\t<\/div>\n\n<\/div><\/div><\/div><\/div><\/div><\/div>","protected":false},"excerpt":{"rendered":"<p>Durante a\u00f1os, los facilitadores profesionales han sido llamados para atender necesidades de las comunidades en lugares y situaciones donde \u00e9stas no tienen los recursos econ\u00f3micos para pagar por estos servicios. Global Facilitators Serving Communities (GFSC), un producto de la iniciativa Community Outreach de la Asociaci\u00f3n Internacional de Facilitadores (IAF), comenz\u00f3 como un esfuerzo organizado para&#8230; <\/p>\n","protected":false},"author":1,"featured_media":0,"parent":0,"menu_order":0,"comment_status":"closed","ping_status":"closed","template":"full-width.php","meta":{"footnotes":""},"class_list":["post-50","page","type-page","status-publish","hentry"],"yoast_head":"<!-- This site is optimized with the Yoast SEO plugin v27.5 - https:\/\/yoast.com\/product\/yoast-seo-wordpress\/ -->\n<title>Community Resilience Building | Learn with GFSC Experts<\/title>\n<meta name=\"description\" content=\"WHO WE ARE | Explore Disaster Facilitation Techniques by GFSC to strengthen community resilience and support effective recovery efforts.\" \/>\n<meta name=\"robots\" content=\"index, follow, max-snippet:-1, max-image-preview:large, max-video-preview:-1\" \/>\n<link rel=\"canonical\" href=\"https:\/\/globalfacilitators.org\/who-we-are\/\" \/>\n<meta property=\"og:locale\" content=\"es_ES\" \/>\n<meta property=\"og:type\" content=\"article\" \/>\n<meta property=\"og:title\" content=\"Community Resilience Building | Learn with GFSC Experts\" \/>\n<meta property=\"og:description\" content=\"WHO WE ARE | Explore Disaster Facilitation Techniques by GFSC to strengthen community resilience and support effective recovery efforts.\" \/>\n<meta property=\"og:url\" content=\"https:\/\/globalfacilitators.org\/who-we-are\/\" \/>\n<meta property=\"og:site_name\" content=\"GFSC\" \/>\n<meta property=\"article:modified_time\" content=\"2025-05-13T13:08:49+00:00\" \/>\n<meta property=\"og:image\" content=\"https:\/\/globalfacilitators.org\/wp-content\/uploads\/2019\/12\/Tarj.-Navidad-GFSC-Espa\u00f1ol-2019.png\" \/>\n<meta name=\"twitter:card\" content=\"summary_large_image\" \/>\n<meta name=\"twitter:title\" content=\"Community Resilience Building | Learn with GFSC Experts\" \/>\n<meta name=\"twitter:description\" content=\"WHO WE ARE | Explore Disaster Facilitation Techniques by GFSC to strengthen community resilience and support effective recovery efforts.\" \/>\n<meta name=\"twitter:image\" content=\"https:\/\/globalfacilitators.org\/wp-content\/uploads\/2019\/12\/Tarj.-Navidad-GFSC-Espa\u00f1ol-2019.png\" \/>\n<meta name=\"twitter:label1\" content=\"Tiempo de lectura\" \/>\n\t<meta name=\"twitter:data1\" content=\"5 minutos\" \/>\n<script type=\"application\/ld+json\" class=\"yoast-schema-graph\">{\"@context\":\"https:\\\/\\\/schema.org\",\"@graph\":[{\"@type\":\"WebPage\",\"@id\":\"https:\\\/\\\/globalfacilitators.org\\\/who-we-are\\\/\",\"url\":\"https:\\\/\\\/globalfacilitators.org\\\/who-we-are\\\/\",\"name\":\"Community Resilience Building | Learn with GFSC Experts\",\"isPartOf\":{\"@id\":\"https:\\\/\\\/globalfacilitators.org\\\/#website\"},\"datePublished\":\"2018-05-03T15:10:04+00:00\",\"dateModified\":\"2025-05-13T13:08:49+00:00\",\"description\":\"WHO WE ARE | Explore Disaster Facilitation Techniques by GFSC to strengthen community resilience and support effective recovery efforts.\",\"breadcrumb\":{\"@id\":\"https:\\\/\\\/globalfacilitators.org\\\/who-we-are\\\/#breadcrumb\"},\"inLanguage\":\"es\",\"potentialAction\":[{\"@type\":\"ReadAction\",\"target\":[\"https:\\\/\\\/globalfacilitators.org\\\/who-we-are\\\/\"]}]},{\"@type\":\"BreadcrumbList\",\"@id\":\"https:\\\/\\\/globalfacilitators.org\\\/who-we-are\\\/#breadcrumb\",\"itemListElement\":[{\"@type\":\"ListItem\",\"position\":1,\"name\":\"Home\",\"item\":\"https:\\\/\\\/globalfacilitators.org\\\/\"},{\"@type\":\"ListItem\",\"position\":2,\"name\":\"[:en]WHO WE ARE[:es]QUIENES SOMOS[:]\"}]},{\"@type\":\"WebSite\",\"@id\":\"https:\\\/\\\/globalfacilitators.org\\\/#website\",\"url\":\"https:\\\/\\\/globalfacilitators.org\\\/\",\"name\":\"GFSC\",\"description\":\"\",\"potentialAction\":[{\"@type\":\"SearchAction\",\"target\":{\"@type\":\"EntryPoint\",\"urlTemplate\":\"https:\\\/\\\/globalfacilitators.org\\\/?s={search_term_string}\"},\"query-input\":{\"@type\":\"PropertyValueSpecification\",\"valueRequired\":true,\"valueName\":\"search_term_string\"}}],\"inLanguage\":\"es\"}]}<\/script>\n<!-- \/ Yoast SEO plugin. -->","yoast_head_json":{"title":"Community Resilience Building | Learn with GFSC Experts","description":"WHO WE ARE | Explore Disaster Facilitation Techniques by GFSC to strengthen community resilience and support effective recovery efforts.","robots":{"index":"index","follow":"follow","max-snippet":"max-snippet:-1","max-image-preview":"max-image-preview:large","max-video-preview":"max-video-preview:-1"},"canonical":"https:\/\/globalfacilitators.org\/who-we-are\/","og_locale":"es_ES","og_type":"article","og_title":"Community Resilience Building | Learn with GFSC Experts","og_description":"WHO WE ARE | Explore Disaster Facilitation Techniques by GFSC to strengthen community resilience and support effective recovery efforts.","og_url":"https:\/\/globalfacilitators.org\/who-we-are\/","og_site_name":"GFSC","article_modified_time":"2025-05-13T13:08:49+00:00","og_image":[{"url":"https:\/\/globalfacilitators.org\/wp-content\/uploads\/2019\/12\/Tarj.-Navidad-GFSC-Espa\u00f1ol-2019.png","type":"","width":"","height":""}],"twitter_card":"summary_large_image","twitter_title":"Community Resilience Building | Learn with GFSC Experts","twitter_description":"WHO WE ARE | Explore Disaster Facilitation Techniques by GFSC to strengthen community resilience and support effective recovery efforts.","twitter_image":"https:\/\/globalfacilitators.org\/wp-content\/uploads\/2019\/12\/Tarj.-Navidad-GFSC-Espa\u00f1ol-2019.png","twitter_misc":{"Tiempo de lectura":"5 minutos"},"schema":{"@context":"https:\/\/schema.org","@graph":[{"@type":"WebPage","@id":"https:\/\/globalfacilitators.org\/who-we-are\/","url":"https:\/\/globalfacilitators.org\/who-we-are\/","name":"Community Resilience Building | Learn with GFSC Experts","isPartOf":{"@id":"https:\/\/globalfacilitators.org\/#website"},"datePublished":"2018-05-03T15:10:04+00:00","dateModified":"2025-05-13T13:08:49+00:00","description":"WHO WE ARE | Explore Disaster Facilitation Techniques by GFSC to strengthen community resilience and support effective recovery efforts.","breadcrumb":{"@id":"https:\/\/globalfacilitators.org\/who-we-are\/#breadcrumb"},"inLanguage":"es","potentialAction":[{"@type":"ReadAction","target":["https:\/\/globalfacilitators.org\/who-we-are\/"]}]},{"@type":"BreadcrumbList","@id":"https:\/\/globalfacilitators.org\/who-we-are\/#breadcrumb","itemListElement":[{"@type":"ListItem","position":1,"name":"Home","item":"https:\/\/globalfacilitators.org\/"},{"@type":"ListItem","position":2,"name":"[:en]WHO WE ARE[:es]QUIENES SOMOS[:]"}]},{"@type":"WebSite","@id":"https:\/\/globalfacilitators.org\/#website","url":"https:\/\/globalfacilitators.org\/","name":"GFSC","description":"","potentialAction":[{"@type":"SearchAction","target":{"@type":"EntryPoint","urlTemplate":"https:\/\/globalfacilitators.org\/?s={search_term_string}"},"query-input":{"@type":"PropertyValueSpecification","valueRequired":true,"valueName":"search_term_string"}}],"inLanguage":"es"}]}},"_links":{"self":[{"href":"https:\/\/globalfacilitators.org\/es\/wp-json\/wp\/v2\/pages\/50","targetHints":{"allow":["GET"]}}],"collection":[{"href":"https:\/\/globalfacilitators.org\/es\/wp-json\/wp\/v2\/pages"}],"about":[{"href":"https:\/\/globalfacilitators.org\/es\/wp-json\/wp\/v2\/types\/page"}],"author":[{"embeddable":true,"href":"https:\/\/globalfacilitators.org\/es\/wp-json\/wp\/v2\/users\/1"}],"replies":[{"embeddable":true,"href":"https:\/\/globalfacilitators.org\/es\/wp-json\/wp\/v2\/comments?post=50"}],"version-history":[{"count":265,"href":"https:\/\/globalfacilitators.org\/es\/wp-json\/wp\/v2\/pages\/50\/revisions"}],"predecessor-version":[{"id":2513,"href":"https:\/\/globalfacilitators.org\/es\/wp-json\/wp\/v2\/pages\/50\/revisions\/2513"}],"wp:attachment":[{"href":"https:\/\/globalfacilitators.org\/es\/wp-json\/wp\/v2\/media?parent=50"}],"curies":[{"name":"wp","href":"https:\/\/api.w.org\/{rel}","templated":true}]}}